{"id":109,"date":"2024-01-17T16:54:42","date_gmt":"2024-01-17T15:54:42","guid":{"rendered":"https:\/\/la-correspondance.fr\/?page_id=109"},"modified":"2026-02-04T16:14:35","modified_gmt":"2026-02-04T15:14:35","slug":"actualites","status":"publish","type":"page","link":"https:\/\/la-correspondance.fr\/index.php\/actualites\/","title":{"rendered":"Actualit\u00e9s"},"content":{"rendered":"\t\t<div data-elementor-type=\"wp-page\" data-elementor-id=\"109\" class=\"elementor elementor-109\">\n\t\t\t\t<div class=\"elementor-element elementor-element-4d228fb e-flex e-con-boxed wpr-particle-no wpr-jarallax-no wpr-parallax-no wpr-sticky-section-no e-con e-parent\" data-id=\"4d228fb\" data-element_type=\"container\">\n\t\t\t\t\t<div class=\"e-con-inner\">\n\t\t\t\t<div class=\"elementor-element elementor-element-448aab2 elementor-widget elementor-widget-text-editor\" data-id=\"448aab2\" data-element_type=\"widget\" data-widget_type=\"text-editor.default\">\n\t\t\t\t<div class=\"elementor-widget-container\">\n\t\t\t\t\t\t\t\t\t<h5>Le Dauphin\u00e9 Lib\u00e9r\u00e9 :<br>\nL<a href=\"https:\/\/c.ledauphine.com\/culture-loisirs\/2024\/05\/05\/les-liens-se-tissent-lors-de-la-grande-ouverture-de-la-correspondance\">es liens se tissent lors de la Grande ouverture de la Correspondance<\/a><\/h5>\n<p>La Correspondance a officiellement ouvert ses portes ce week-end. Install\u00e9es dans les anciens locaux de l\u2019IUFM, plusieurs associations se partagent les lieux.<\/p>\t\t\t\t\t\t\t\t<\/div>\n\t\t\t\t<\/div>\n\t\t\t\t\t<\/div>\n\t\t\t\t<\/div>\n\t\t<div class=\"elementor-element elementor-element-a5a2450 e-flex e-con-boxed wpr-particle-no wpr-jarallax-no wpr-parallax-no wpr-sticky-section-no e-con e-parent\" data-id=\"a5a2450\" data-element_type=\"container\">\n\t\t\t\t\t<div class=\"e-con-inner\">\n\t\t\t\t<div class=\"elementor-element elementor-element-920a9b0 elementor-widget elementor-widget-text-editor\" data-id=\"920a9b0\" data-element_type=\"widget\" data-widget_type=\"text-editor.default\">\n\t\t\t\t<div class=\"elementor-widget-container\">\n\t\t\t\t\t\t\t\t\t<h5>Ouverture officielle du tiers-lieu la Correspondance \u00e0 Grenoble<\/h5>\t\t\t\t\t\t\t\t<\/div>\n\t\t\t\t<\/div>\n\t\t\t\t\t<\/div>\n\t\t\t\t<\/div>\n\t\t<div class=\"elementor-element elementor-element-943ca02 e-flex e-con-boxed wpr-particle-no wpr-jarallax-no wpr-parallax-no wpr-sticky-section-no e-con e-parent\" data-id=\"943ca02\" data-element_type=\"container\">\n\t\t\t\t\t<div class=\"e-con-inner\">\n\t\t\t\t<div class=\"elementor-element elementor-element-3345603 elementor-widget elementor-widget-video\" data-id=\"3345603\" data-element_type=\"widget\" data-settings=\"{&quot;youtube_url&quot;:&quot;https:\\\/\\\/www.youtube.com\\\/watch?v=K8ZOVK-ncwk&quot;,&quot;video_type&quot;:&quot;youtube&quot;,&quot;controls&quot;:&quot;yes&quot;}\" data-widget_type=\"video.default\">\n\t\t\t\t<div class=\"elementor-widget-container\">\n\t\t\t\t\t\t\t<div class=\"elementor-wrapper elementor-open-inline\">\n\t\t\t<div class=\"elementor-video\"><\/div>\t\t<\/div>\n\t\t\t\t\t\t<\/div>\n\t\t\t\t<\/div>\n\t\t\t\t\t<\/div>\n\t\t\t\t<\/div>\n\t\t<div class=\"elementor-element elementor-element-a2b1873 e-flex e-con-boxed wpr-particle-no wpr-jarallax-no wpr-parallax-no wpr-sticky-section-no e-con e-parent\" data-id=\"a2b1873\" data-element_type=\"container\">\n\t\t\t\t\t<div class=\"e-con-inner\">\n\t\t\t\t<div class=\"elementor-element elementor-element-68afce9 elementor-widget elementor-widget-text-editor\" data-id=\"68afce9\" data-element_type=\"widget\" data-widget_type=\"text-editor.default\">\n\t\t\t\t<div class=\"elementor-widget-container\">\n\t\t\t\t\t\t\t\t\t<h5>T\u00e9l\u00e9 Grenoble : la Correspondance : un nouveau tiers-lieu transitoire<\/h5>\t\t\t\t\t\t\t\t<\/div>\n\t\t\t\t<\/div>\n\t\t\t\t\t<\/div>\n\t\t\t\t<\/div>\n\t\t<div class=\"elementor-element elementor-element-ef60b55 e-flex e-con-boxed wpr-particle-no wpr-jarallax-no wpr-parallax-no wpr-sticky-section-no e-con e-parent\" data-id=\"ef60b55\" data-element_type=\"container\">\n\t\t\t\t\t<div class=\"e-con-inner\">\n\t\t\t\t<div class=\"elementor-element elementor-element-56078e0 elementor-widget elementor-widget-video\" data-id=\"56078e0\" data-element_type=\"widget\" data-settings=\"{&quot;youtube_url&quot;:&quot;https:\\\/\\\/www.youtube.com\\\/watch?v=Tf-gXDrBb3Y&quot;,&quot;video_type&quot;:&quot;youtube&quot;,&quot;controls&quot;:&quot;yes&quot;}\" data-widget_type=\"video.default\">\n\t\t\t\t<div class=\"elementor-widget-container\">\n\t\t\t\t\t\t\t<div class=\"elementor-wrapper elementor-open-inline\">\n\t\t\t<div class=\"elementor-video\"><\/div>\t\t<\/div>\n\t\t\t\t\t\t<\/div>\n\t\t\t\t<\/div>\n\t\t\t\t\t<\/div>\n\t\t\t\t<\/div>\n\t\t<div class=\"elementor-element elementor-element-da4e0ed e-flex e-con-boxed wpr-particle-no wpr-jarallax-no wpr-parallax-no wpr-sticky-section-no e-con e-parent\" data-id=\"da4e0ed\" data-element_type=\"container\">\n\t\t\t\t\t<div class=\"e-con-inner\">\n\t\t<div class=\"elementor-element elementor-element-01435a2 e-con-full e-flex wpr-particle-no wpr-jarallax-no wpr-parallax-no wpr-sticky-section-no e-con e-child\" data-id=\"01435a2\" data-element_type=\"container\">\n\t\t\t\t<div class=\"elementor-element elementor-element-332f59c elementor-widget elementor-widget-image\" data-id=\"332f59c\" data-element_type=\"widget\" data-widget_type=\"image.default\">\n\t\t\t\t<div class=\"elementor-widget-container\">\n\t\t\t\t\t\t\t\t\t\t\t\t\t\t\t<img fetchpriority=\"high\" decoding=\"async\" width=\"1024\" height=\"683\" src=\"https:\/\/la-correspondance.fr\/wp-content\/uploads\/2024\/02\/1165342_La-Correspondance-1024x683.jpg\" class=\"attachment-large size-large wp-image-1223\" alt=\"\" srcset=\"https:\/\/la-correspondance.fr\/wp-content\/uploads\/2024\/02\/1165342_La-Correspondance-1024x683.jpg 1024w, https:\/\/la-correspondance.fr\/wp-content\/uploads\/2024\/02\/1165342_La-Correspondance-300x200.jpg 300w, https:\/\/la-correspondance.fr\/wp-content\/uploads\/2024\/02\/1165342_La-Correspondance-768x512.jpg 768w, https:\/\/la-correspondance.fr\/wp-content\/uploads\/2024\/02\/1165342_La-Correspondance-1536x1024.jpg 1536w, https:\/\/la-correspondance.fr\/wp-content\/uploads\/2024\/02\/1165342_La-Correspondance-2048x1365.jpg 2048w\" sizes=\"(max-width: 1024px) 100vw, 1024px\" \/>\t\t\t\t\t\t\t\t\t\t\t\t\t\t\t<\/div>\n\t\t\t\t<\/div>\n\t\t\t\t<\/div>\n\t\t<div class=\"elementor-element elementor-element-081c8fa e-con-full e-flex wpr-particle-no wpr-jarallax-no wpr-parallax-no wpr-sticky-section-no e-con e-child\" data-id=\"081c8fa\" data-element_type=\"container\">\n\t\t<div class=\"elementor-element elementor-element-c0bcee3 e-flex e-con-boxed wpr-particle-no wpr-jarallax-no wpr-parallax-no wpr-sticky-section-no e-con e-child\" data-id=\"c0bcee3\" data-element_type=\"container\">\n\t\t\t\t\t<div class=\"e-con-inner\">\n\t\t\t\t<div class=\"elementor-element elementor-element-de32f93 elementor-widget elementor-widget-text-editor\" data-id=\"de32f93\" data-element_type=\"widget\" data-widget_type=\"text-editor.default\">\n\t\t\t\t<div class=\"elementor-widget-container\">\n\t\t\t\t\t\t\t\t\t<h5>La correspondance : un nouveau tiers-lieu \u00e0 Grenoble<\/h5>\n<p><a href=\"https:\/\/www.alpesolidaires.org\/actualites\/la-correspondance-un-nouveau-tiers-lieu-grenoble?fbclid=IwAR2f3synQTcmqdOKL0WRaGbCgr9-3VqAaLCqHZEC_61a06254bpM2UtM72Q_aem_AaiqU8PvB8miROVr109HSlcFABAENvkCDDh40mv4SsAOfoobSXcogIhtJbn4knSao-_aD50HpvJz4dwkPvjqebQY\"><p>22 structures de l\u2019ESS ont investi La Correspondance, un nouveau tiers-lieu dans le quartier Flaubert de Grenoble. Il prend place dans les anciens locaux de l\u2019Ecole Sup\u00e9rieure du Professorat et de l\u2019Education (ESPE), actuellement en travaux. Le concept d\u2019urbanisme transitoire consiste \u00e0 occuper des lieux en cours de r\u00e9am\u00e9nagement. C\u2019est l\u00e0 toute la particularit\u00e9 de la Correspondance qui fermera ses portes en 2027 pour laisser place \u00e0 des logements et \u00e0 des commerces voire conservera certaines des structures de l\u2019ESS avec de nouvelles conditions.<\/a><\/p>\t\t\t\t\t\t\t\t<\/div>\n\t\t\t\t<\/div>\n\t\t\t\t\t<\/div>\n\t\t\t\t<\/div>\n\t\t\t\t<\/div>\n\t\t\t\t\t<\/div>\n\t\t\t\t<\/div>\n\t\t<div class=\"elementor-element elementor-element-ae10169 e-flex e-con-boxed wpr-particle-no wpr-jarallax-no wpr-parallax-no wpr-sticky-section-no e-con e-parent\" data-id=\"ae10169\" data-element_type=\"container\">\n\t\t\t\t\t<div class=\"e-con-inner\">\n\t\t<div class=\"elementor-element elementor-element-bab6899 e-con-full e-flex wpr-particle-no wpr-jarallax-no wpr-parallax-no wpr-sticky-section-no e-con e-child\" data-id=\"bab6899\" data-element_type=\"container\">\n\t\t\t\t<div class=\"elementor-element elementor-element-fa25934 elementor-widget elementor-widget-text-editor\" data-id=\"fa25934\" data-element_type=\"widget\" data-widget_type=\"text-editor.default\">\n\t\t\t\t<div class=\"elementor-widget-container\">\n\t\t\t\t\t\t\t\t\t<h5>Inauguration festive des 10 jours de la Culture<\/h5>\n<p><a href=\"https:\/\/www.placegrenet.fr\/2024\/04\/06\/les-10-jours-de-la-culture-reviennent-dans-la-metropole-grenobloise-avec-une-6-edition-tout-en-mouvement\/626221\"><strong>Les 10 jours de la culture reviennent dans la m\u00e9tropole grenobloise avec une 6e \u00e9dition tout en mouvement<\/strong>\n<p>\u00c9V\u00c9NEMENT \u2013 Cette ann\u00e9e, les 10 jours de la culture ont lieu au printemps. Pour la 6e \u00e9dition, la M\u00e9tropole grenobloise donne rendez-vous du samedi 6 au mercredi 24 avril 2024 sur 37 communes de l\u2019agglom\u00e9ration. \u00ab Faire bouger le territoire et ses habitants \u00bb, telle est la mission de cette manifestation dont le th\u00e8me de cette ann\u00e9e est le mouvement.\nC\u2019est parti pour les 10 jours de la culture ! Cette \u00e9dition commence samedi 6 avril \u00e0 l\u2019Hexagone avec l\u2019installation lumi\u00e8re Ataraxie. Propos\u00e9e par le collectif Coin, cette \u0153uvre interroge sur ce que signifie \u00ab la paix de l\u2019esprit dans un monde post-pand\u00e9mique en pleine mutation \u00bb. Une \u0153uvre immersive, anim\u00e9e par des danseurs et des faisceaux de lumi\u00e8re rouges.<\/a><\/p>\t\t\t\t\t\t\t\t<\/div>\n\t\t\t\t<\/div>\n\t\t\t\t<\/div>\n\t\t<div class=\"elementor-element elementor-element-19e0239 e-con-full e-flex wpr-particle-no wpr-jarallax-no wpr-parallax-no wpr-sticky-section-no e-con e-child\" data-id=\"19e0239\" data-element_type=\"container\">\n\t\t<div class=\"elementor-element elementor-element-d8012bd e-flex e-con-boxed wpr-particle-no wpr-jarallax-no wpr-parallax-no wpr-sticky-section-no e-con e-child\" data-id=\"d8012bd\" data-element_type=\"container\">\n\t\t\t\t\t<div class=\"e-con-inner\">\n\t\t\t\t<div class=\"elementor-element elementor-element-31d82f3 elementor-widget elementor-widget-image\" data-id=\"31d82f3\" data-element_type=\"widget\" data-widget_type=\"image.default\">\n\t\t\t\t<div class=\"elementor-widget-container\">\n\t\t\t\t\t\t\t\t\t\t\t\t\t\t\t<img decoding=\"async\" width=\"1024\" height=\"768\" src=\"https:\/\/la-correspondance.fr\/wp-content\/uploads\/2024\/04\/10-jours-de-la-culture-scaled-\u00a9-Joel-Kermabon-\u2013-Place-Grenet-1024x768.jpg\" class=\"attachment-large size-large wp-image-1548\" alt=\"\" srcset=\"https:\/\/la-correspondance.fr\/wp-content\/uploads\/2024\/04\/10-jours-de-la-culture-scaled-\u00a9-Joel-Kermabon-\u2013-Place-Grenet-1024x768.jpg 1024w, https:\/\/la-correspondance.fr\/wp-content\/uploads\/2024\/04\/10-jours-de-la-culture-scaled-\u00a9-Joel-Kermabon-\u2013-Place-Grenet-300x225.jpg 300w, https:\/\/la-correspondance.fr\/wp-content\/uploads\/2024\/04\/10-jours-de-la-culture-scaled-\u00a9-Joel-Kermabon-\u2013-Place-Grenet-768x576.jpg 768w, https:\/\/la-correspondance.fr\/wp-content\/uploads\/2024\/04\/10-jours-de-la-culture-scaled-\u00a9-Joel-Kermabon-\u2013-Place-Grenet-1536x1152.jpg 1536w, https:\/\/la-correspondance.fr\/wp-content\/uploads\/2024\/04\/10-jours-de-la-culture-scaled-\u00a9-Joel-Kermabon-\u2013-Place-Grenet.jpg 2048w\" sizes=\"(max-width: 1024px) 100vw, 1024px\" \/>\t\t\t\t\t\t\t\t\t\t\t\t\t\t\t<\/div>\n\t\t\t\t<\/div>\n\t\t\t\t\t<\/div>\n\t\t\t\t<\/div>\n\t\t<div class=\"elementor-element elementor-element-5528a12 e-flex e-con-boxed wpr-particle-no wpr-jarallax-no wpr-parallax-no wpr-sticky-section-no e-con e-child\" data-id=\"5528a12\" data-element_type=\"container\">\n\t\t\t\t\t<div class=\"e-con-inner\">\n\t\t\t\t<div class=\"elementor-element elementor-element-7685159 elementor-widget elementor-widget-text-editor\" data-id=\"7685159\" data-element_type=\"widget\" data-widget_type=\"text-editor.default\">\n\t\t\t\t<div class=\"elementor-widget-container\">\n\t\t\t\t\t\t\t\t\t<p>\u00a9 Jo\u00ebl Kermabon \u2013 Place Gre\u2019net<\/p>\t\t\t\t\t\t\t\t<\/div>\n\t\t\t\t<\/div>\n\t\t\t\t\t<\/div>\n\t\t\t\t<\/div>\n\t\t\t\t<\/div>\n\t\t\t\t\t<\/div>\n\t\t\t\t<\/div>\n\t\t<div class=\"elementor-element elementor-element-4650b56 e-flex e-con-boxed wpr-particle-no wpr-jarallax-no wpr-parallax-no wpr-sticky-section-no e-con e-parent\" data-id=\"4650b56\" data-element_type=\"container\">\n\t\t\t\t\t<div class=\"e-con-inner\">\n\t\t\t\t<div class=\"elementor-element elementor-element-ed6d51b elementor-widget elementor-widget-image\" data-id=\"ed6d51b\" data-element_type=\"widget\" data-widget_type=\"image.default\">\n\t\t\t\t<div class=\"elementor-widget-container\">\n\t\t\t\t\t\t\t\t\t\t\t\t\t\t\t<img decoding=\"async\" width=\"409\" height=\"577\" src=\"https:\/\/la-correspondance.fr\/wp-content\/uploads\/2026\/02\/affiche-bonjour-lancien.ne_.jpeg\" class=\"attachment-full size-full wp-image-2385\" alt=\"\" srcset=\"https:\/\/la-correspondance.fr\/wp-content\/uploads\/2026\/02\/affiche-bonjour-lancien.ne_.jpeg 409w, https:\/\/la-correspondance.fr\/wp-content\/uploads\/2026\/02\/affiche-bonjour-lancien.ne_-213x300.jpeg 213w\" sizes=\"(max-width: 409px) 100vw, 409px\" \/>\t\t\t\t\t\t\t\t\t\t\t\t\t\t\t<\/div>\n\t\t\t\t<\/div>\n\t\t\t\t\t<\/div>\n\t\t\t\t<\/div>\n\t\t<div class=\"elementor-element elementor-element-d74eb0f e-flex e-con-boxed wpr-particle-no wpr-jarallax-no wpr-parallax-no wpr-sticky-section-no e-con e-parent\" data-id=\"d74eb0f\" data-element_type=\"container\">\n\t\t\t\t\t<div class=\"e-con-inner\">\n\t\t\t\t<div class=\"elementor-element elementor-element-a1b6529 elementor-widget elementor-widget-heading\" data-id=\"a1b6529\" data-element_type=\"widget\" data-widget_type=\"heading.default\">\n\t\t\t\t<div class=\"elementor-widget-container\">\n\t\t\t\t\t<h2 class=\"elementor-heading-title elementor-size-default\">BONJOUR L'ANCIEN.NE<\/h2>\t\t\t\t<\/div>\n\t\t\t\t<\/div>\n\t\t\t\t\t<\/div>\n\t\t\t\t<\/div>\n\t\t<div class=\"elementor-element elementor-element-cad44ed e-flex e-con-boxed wpr-particle-no wpr-jarallax-no wpr-parallax-no wpr-sticky-section-no e-con e-parent\" data-id=\"cad44ed\" data-element_type=\"container\">\n\t\t\t\t\t<div class=\"e-con-inner\">\n\t\t\t\t<div class=\"elementor-element elementor-element-699497d elementor-widget elementor-widget-text-editor\" data-id=\"699497d\" data-element_type=\"widget\" data-widget_type=\"text-editor.default\">\n\t\t\t\t<div class=\"elementor-widget-container\">\n\t\t\t\t\t\t\t\t\t<p>La Correspondance vous invite \u00e0 un \u00e9v\u00e9nement exceptionnel et festif pour les a\u00een\u00e9s le samedi 21 f\u00e9vrier.&nbsp;<\/p><p>En partenariat avec les Petits Fr\u00e8res des Pauvres, nous avons con\u00e7u une programmation sp\u00e9ciale pour ce public. Au programme : Bal Musette, Spectacle de th\u00e9\u00e2tre et animations.&nbsp;<\/p><p>Entr\u00e9e libre | Gratuit&nbsp;<\/p>\t\t\t\t\t\t\t\t<\/div>\n\t\t\t\t<\/div>\n\t\t\t\t\t<\/div>\n\t\t\t\t<\/div>\n\t\t\t\t<\/div>\n\t\t","protected":false},"excerpt":{"rendered":"<p>Le Dauphin\u00e9 Lib\u00e9r\u00e9 : Les liens se tissent lors de la Grande ouverture de la Correspondance La Correspondance a officiellement ouvert ses portes ce week-end. Install\u00e9es dans les anciens locaux de l\u2019IUFM, plusieurs associations se partagent les lieux. Ouverture officielle du tiers-lieu la Correspondance \u00e0 Grenoble https:\/\/www.youtube.com\/watch?v=K8ZOVK-ncwk T\u00e9l\u00e9 Grenoble : la Correspondance : un nouveau tiers-lieu transitoire https:\/\/www.youtube.com\/watch?v=Tf-gXDrBb3Y La correspondance : un nouveau tiers-lieu \u00e0 Grenoble 22 structures de l\u2019ESS ont investi La Correspondance, un nouveau tiers-lieu dans le quartier Flaubert de Grenoble. Il prend place dans les anciens locaux de l\u2019Ecole Sup\u00e9rieure du Professorat et de l\u2019Education (ESPE), actuellement en travaux. Le concept d\u2019urbanisme transitoire consiste \u00e0 occuper des lieux en cours de r\u00e9am\u00e9nagement. C\u2019est l\u00e0 toute la particularit\u00e9 de la Correspondance qui fermera ses portes en 2027 pour laisser place \u00e0 des logements et \u00e0 des commerces voire conservera certaines des structures de l\u2019ESS avec de nouvelles conditions. Inauguration festive des 10 jours de la Culture Les 10 jours de la culture reviennent dans la m\u00e9tropole grenobloise avec une 6e \u00e9dition tout en mouvement \u00c9V\u00c9NEMENT \u2013 Cette ann\u00e9e, les 10 jours de la culture ont lieu au printemps. Pour la 6e \u00e9dition, la M\u00e9tropole grenobloise donne rendez-vous du samedi 6 au mercredi 24 avril 2024 sur 37 communes de l\u2019agglom\u00e9ration. \u00ab Faire bouger le territoire et ses habitants \u00bb, telle est la mission de cette manifestation dont le th\u00e8me de cette ann\u00e9e est le mouvement. C\u2019est parti pour les 10 jours de la culture ! Cette \u00e9dition commence samedi 6 avril \u00e0 l\u2019Hexagone avec l\u2019installation lumi\u00e8re Ataraxie. Propos\u00e9e par le collectif Coin, cette \u0153uvre interroge sur ce que signifie \u00ab la paix de l\u2019esprit dans un monde post-pand\u00e9mique en pleine mutation \u00bb. Une \u0153uvre immersive, anim\u00e9e par des danseurs et des faisceaux de lumi\u00e8re rouges. \u00a9 Jo\u00ebl Kermabon \u2013 Place Gre\u2019net BONJOUR L&#8217;ANCIEN.NE La Correspondance vous invite \u00e0 un \u00e9v\u00e9nement exceptionnel et festif pour les a\u00een\u00e9s le samedi 21 f\u00e9vrier.&nbsp; En partenariat avec les Petits Fr\u00e8res des Pauvres, nous avons con\u00e7u une programmation sp\u00e9ciale pour ce public. Au programme : Bal Musette, Spectacle de th\u00e9\u00e2tre et animations.&nbsp; Entr\u00e9e libre | Gratuit&nbsp;<\/p>\n","protected":false},"author":1,"featured_media":0,"parent":0,"menu_order":0,"comment_status":"closed","ping_status":"closed","template":"","meta":{"_eb_attr":"","footnotes":""},"class_list":["post-109","page","type-page","status-publish","hentry"],"blocksy_meta":[],"_links":{"self":[{"href":"https:\/\/la-correspondance.fr\/index.php\/wp-json\/wp\/v2\/pages\/109","targetHints":{"allow":["GET"]}}],"collection":[{"href":"https:\/\/la-correspondance.fr\/index.php\/wp-json\/wp\/v2\/pages"}],"about":[{"href":"https:\/\/la-correspondance.fr\/index.php\/wp-json\/wp\/v2\/types\/page"}],"author":[{"embeddable":true,"href":"https:\/\/la-correspondance.fr\/index.php\/wp-json\/wp\/v2\/users\/1"}],"replies":[{"embeddable":true,"href":"https:\/\/la-correspondance.fr\/index.php\/wp-json\/wp\/v2\/comments?post=109"}],"version-history":[{"count":76,"href":"https:\/\/la-correspondance.fr\/index.php\/wp-json\/wp\/v2\/pages\/109\/revisions"}],"predecessor-version":[{"id":2549,"href":"https:\/\/la-correspondance.fr\/index.php\/wp-json\/wp\/v2\/pages\/109\/revisions\/2549"}],"wp:attachment":[{"href":"https:\/\/la-correspondance.fr\/index.php\/wp-json\/wp\/v2\/media?parent=109"}],"curies":[{"name":"wp","href":"https:\/\/api.w.org\/{rel}","templated":true}]}}