{"id":7,"date":"2024-01-03T09:53:51","date_gmt":"2024-01-03T08:53:51","guid":{"rendered":"https:\/\/la-correspondance.fr\/?page_id=7"},"modified":"2026-02-09T11:24:39","modified_gmt":"2026-02-09T10:24:39","slug":"le-nouveau-e-mucem-ouvre-ses-portes-2","status":"publish","type":"page","link":"https:\/\/la-correspondance.fr\/","title":{"rendered":"La Correspondance"},"content":{"rendered":"\t\t<div data-elementor-type=\"wp-page\" data-elementor-id=\"7\" class=\"elementor elementor-7\">\n\t\t\t\t<div class=\"elementor-element elementor-element-4d36c7f e-flex e-con-boxed wpr-particle-no wpr-jarallax-no wpr-parallax-no wpr-sticky-section-no e-con e-parent\" data-id=\"4d36c7f\" data-element_type=\"container\">\n\t\t\t\t\t<div class=\"e-con-inner\">\n\t\t\t\t<div class=\"elementor-element elementor-element-2e58353 elementor-widget-divider--separator-type-pattern elementor-widget-divider--no-spacing elementor-widget-divider--view-line elementor-widget elementor-widget-divider\" data-id=\"2e58353\" data-element_type=\"widget\" data-widget_type=\"divider.default\">\n\t\t\t\t<div class=\"elementor-widget-container\">\n\t\t\t\t\t\t\t<div class=\"elementor-divider\" style=\"--divider-pattern-url: url(&quot;data:image\/svg+xml,%3Csvg xmlns=&#039;http:\/\/www.w3.org\/2000\/svg&#039; preserveAspectRatio=&#039;xMidYMid meet&#039; overflow=&#039;visible&#039; height=&#039;100%&#039; viewBox=&#039;0 0 120 26&#039; fill=&#039;black&#039; stroke=&#039;none&#039;%3E%3Cpath d=&#039;M11.9,15.9L11.9,15.9L0,16c-0.2-3.7,1.5-5.7,4.9-6C10,9.6,12.4,14.2,11.9,15.9zM26.9,15.9L26.9,15.9L15,16c0.5-3.7,2.5-5.7,5.9-6C26,9.6,27.4,14.2,26.9,15.9z M37.1,10c3.4,0.3,5.1,2.3,4.9,6H30.1C29.5,14.4,31.9,9.6,37.1,10z M57,15.9L57,15.9L45,16c0-3.4,1.6-5.4,4.9-5.9C54.8,9.3,57.4,14.2,57,15.9z M71.9,15.9L71.9,15.9L60,16c-0.2-3.7,1.5-5.7,4.9-6C70,9.6,72.4,14.2,71.9,15.9z M82.2,10c3.4,0.3,5,2.3,4.8,6H75.3C74,13,77.1,9.6,82.2,10zM101.9,15.9L101.9,15.9L90,16c-0.2-3.7,1.5-5.7,4.9-6C100,9.6,102.4,14.2,101.9,15.9z M112.1,10.1c2.7,0.5,4.3,2.5,4.9,5.9h-11.9l0,0C104.5,14.4,108,9.3,112.1,10.1z&#039;\/%3E%3C\/svg%3E&quot;);\">\n\t\t\t<span class=\"elementor-divider-separator\">\n\t\t\t\t\t\t<\/span>\n\t\t<\/div>\n\t\t\t\t\t\t<\/div>\n\t\t\t\t<\/div>\n\t\t\t\t\t<\/div>\n\t\t\t\t<\/div>\n\t\t<div class=\"elementor-element elementor-element-1c75897 e-flex e-con-boxed wpr-particle-no wpr-jarallax-no wpr-parallax-no wpr-sticky-section-no e-con e-parent\" data-id=\"1c75897\" data-element_type=\"container\">\n\t\t\t\t\t<div class=\"e-con-inner\">\n\t\t<div class=\"elementor-element elementor-element-9880a1e e-con-full e-flex wpr-particle-no wpr-jarallax-no wpr-parallax-no wpr-sticky-section-no e-con e-child\" data-id=\"9880a1e\" data-element_type=\"container\">\n\t\t\t\t<div class=\"elementor-element elementor-element-374d9f4 elementor-widget__width-inherit elementor-widget elementor-widget-heading\" data-id=\"374d9f4\" data-element_type=\"widget\" data-widget_type=\"heading.default\">\n\t\t\t\t<div class=\"elementor-widget-container\">\n\t\t\t\t\t<h1 class=\"elementor-heading-title elementor-size-default\">la\n\nCorrespondance<\/h1>\t\t\t\t<\/div>\n\t\t\t\t<\/div>\n\t\t\t\t<\/div>\n\t\t<div class=\"elementor-element elementor-element-843a414 e-con-full e-flex wpr-particle-no wpr-jarallax-no wpr-parallax-no wpr-sticky-section-no e-con e-child\" data-id=\"843a414\" data-element_type=\"container\">\n\t\t\t\t<div class=\"elementor-element elementor-element-7375d1a elementor-widget elementor-widget-text-editor\" data-id=\"7375d1a\" data-element_type=\"widget\" data-widget_type=\"text-editor.default\">\n\t\t\t\t<div class=\"elementor-widget-container\">\n\t\t\t\t\t\t\t\t\t<p class=\"\">Un&nbsp;<a href=\"https:\/\/www.placegrenet.fr\/2023\/10\/30\/ecoquartier-flaubert-a-grenoble-une-nouvelle-tranche-de-vie-pour-lex-inspe\/616705\" target=\"_blank\" rel=\"noreferrer noopener\">tiers-lieu<\/a>&nbsp;accueillant des associations et des compagnies culturelles dans le quartier Flaubert. Sa mission&nbsp;: animer le secteur sur la p\u00e9riode 2023\u200a\u2013\u200a2027 et pr\u00e9figurer les usages \u00e0 venir de l\u2019\u00e9coquartier. Le tiers-lieu occupe la partie sud de&nbsp;<a href=\"https:\/\/www.placegrenet.fr\/2018\/06\/11\/quel-projet-de-quartier-en-transition-pour-le-terrain-de-lespe-les-grandes-lignes-devoilees\/529294\" target=\"_blank\" rel=\"noreferrer noopener\">l\u2019ancien Insp\u00e9-IUFM<\/a>.<\/p>\t\t\t\t\t\t\t\t<\/div>\n\t\t\t\t<\/div>\n\t\t\t\t<\/div>\n\t\t\t\t\t<\/div>\n\t\t\t\t<\/div>\n\t\t<div class=\"elementor-element elementor-element-3cd0951 e-flex e-con-boxed wpr-particle-no wpr-jarallax-no wpr-parallax-no wpr-sticky-section-no e-con e-parent\" data-id=\"3cd0951\" data-element_type=\"container\">\n\t\t\t\t\t<div class=\"e-con-inner\">\n\t\t\t\t<div class=\"elementor-element elementor-element-7c6aadf elementor-widget-divider--separator-type-pattern elementor-widget-divider--no-spacing elementor-widget-divider--view-line elementor-widget elementor-widget-divider\" data-id=\"7c6aadf\" data-element_type=\"widget\" data-widget_type=\"divider.default\">\n\t\t\t\t<div class=\"elementor-widget-container\">\n\t\t\t\t\t\t\t<div class=\"elementor-divider\" style=\"--divider-pattern-url: url(&quot;data:image\/svg+xml,%3Csvg xmlns=&#039;http:\/\/www.w3.org\/2000\/svg&#039; preserveAspectRatio=&#039;xMidYMid meet&#039; overflow=&#039;visible&#039; height=&#039;100%&#039; viewBox=&#039;0 0 120 26&#039; fill=&#039;black&#039; stroke=&#039;none&#039;%3E%3Cpath d=&#039;M11.9,15.9L11.9,15.9L0,16c-0.2-3.7,1.5-5.7,4.9-6C10,9.6,12.4,14.2,11.9,15.9zM26.9,15.9L26.9,15.9L15,16c0.5-3.7,2.5-5.7,5.9-6C26,9.6,27.4,14.2,26.9,15.9z M37.1,10c3.4,0.3,5.1,2.3,4.9,6H30.1C29.5,14.4,31.9,9.6,37.1,10z M57,15.9L57,15.9L45,16c0-3.4,1.6-5.4,4.9-5.9C54.8,9.3,57.4,14.2,57,15.9z M71.9,15.9L71.9,15.9L60,16c-0.2-3.7,1.5-5.7,4.9-6C70,9.6,72.4,14.2,71.9,15.9z M82.2,10c3.4,0.3,5,2.3,4.8,6H75.3C74,13,77.1,9.6,82.2,10zM101.9,15.9L101.9,15.9L90,16c-0.2-3.7,1.5-5.7,4.9-6C100,9.6,102.4,14.2,101.9,15.9z M112.1,10.1c2.7,0.5,4.3,2.5,4.9,5.9h-11.9l0,0C104.5,14.4,108,9.3,112.1,10.1z&#039;\/%3E%3C\/svg%3E&quot;);\">\n\t\t\t<span class=\"elementor-divider-separator\">\n\t\t\t\t\t\t<\/span>\n\t\t<\/div>\n\t\t\t\t\t\t<\/div>\n\t\t\t\t<\/div>\n\t\t\t\t\t<\/div>\n\t\t\t\t<\/div>\n\t\t<div class=\"elementor-element elementor-element-7576dff e-flex e-con-boxed wpr-particle-no wpr-jarallax-no wpr-parallax-no wpr-sticky-section-no e-con e-parent\" data-id=\"7576dff\" data-element_type=\"container\">\n\t\t\t\t\t<div class=\"e-con-inner\">\n\t\t\t\t<div class=\"elementor-element elementor-element-7db379c elementor-arrows-position-inside elementor-widget elementor-widget-image-carousel\" data-id=\"7db379c\" data-element_type=\"widget\" data-settings=\"{&quot;slides_to_show&quot;:&quot;1&quot;,&quot;navigation&quot;:&quot;arrows&quot;,&quot;autoplay&quot;:&quot;yes&quot;,&quot;pause_on_hover&quot;:&quot;yes&quot;,&quot;pause_on_interaction&quot;:&quot;yes&quot;,&quot;autoplay_speed&quot;:5000,&quot;infinite&quot;:&quot;yes&quot;,&quot;effect&quot;:&quot;slide&quot;,&quot;speed&quot;:500}\" data-widget_type=\"image-carousel.default\">\n\t\t\t\t<div class=\"elementor-widget-container\">\n\t\t\t\t\t\t\t<div class=\"elementor-image-carousel-wrapper swiper\" role=\"region\" aria-roledescription=\"carousel\" aria-label=\"Carrousel d\u2019images\" dir=\"ltr\">\n\t\t\t<div class=\"elementor-image-carousel swiper-wrapper\" aria-live=\"off\">\n\t\t\t\t\t\t\t\t<div class=\"swiper-slide\" role=\"group\" aria-roledescription=\"slide\" aria-label=\"1 of 10\"><figure class=\"swiper-slide-inner\"><img decoding=\"async\" class=\"swiper-slide-image\" src=\"https:\/\/la-correspondance.fr\/wp-content\/uploads\/2024\/06\/Flaubert_Pluquet_105-1024x684.jpg\" alt=\"SAGES \/ Pluquet\" \/><\/figure><\/div><div class=\"swiper-slide\" role=\"group\" aria-roledescription=\"slide\" aria-label=\"2 of 10\"><figure class=\"swiper-slide-inner\"><img decoding=\"async\" class=\"swiper-slide-image\" src=\"https:\/\/la-correspondance.fr\/wp-content\/uploads\/2024\/01\/Auriane-POILLET-\u00a9-Ville-de-Grenoble-2023-1024x683.jpg\" alt=\"Samedi 02 d\u00e9cembre 2023.\u2028\u2028Lancement du Tiers Lieu La Petite Pause, sur le site de l&#039;ancien IUFM : \u00e9picerie solidaire Elefan, activit\u00e9s sportives et culturelles, bar... \u2028\u2028Sur la photo : \u2028\u2028Photo : Auriane POILLET \u00a9 Ville de Grenoble 2023\" \/><\/figure><\/div><div class=\"swiper-slide\" role=\"group\" aria-roledescription=\"slide\" aria-label=\"3 of 10\"><figure class=\"swiper-slide-inner\"><img decoding=\"async\" class=\"swiper-slide-image\" src=\"https:\/\/la-correspondance.fr\/wp-content\/uploads\/2024\/01\/1165356_La-Correspondance-1024x683.jpg\" alt=\"Samedi 02 d\u00e9cembre 2023.\u2028\u2028Lancement du Tiers Lieu La Petite Pause, sur le site de l&#039;ancien IUFM : \u00e9picerie solidaire Elefan, activit\u00e9s sportives et culturelles, bar... \u2028\u2028Sur la photo : \u2028\u2028Photo : Auriane POILLET \u00a9 Ville de Grenoble 2023\" \/><\/figure><\/div><div class=\"swiper-slide\" role=\"group\" aria-roledescription=\"slide\" aria-label=\"4 of 10\"><figure class=\"swiper-slide-inner\"><img decoding=\"async\" class=\"swiper-slide-image\" src=\"https:\/\/la-correspondance.fr\/wp-content\/uploads\/2024\/06\/Flaubert_Pluquet_115-1024x684.jpg\" alt=\"SAGES \/ Pluquet\" \/><\/figure><\/div><div class=\"swiper-slide\" role=\"group\" aria-roledescription=\"slide\" aria-label=\"5 of 10\"><figure class=\"swiper-slide-inner\"><img decoding=\"async\" class=\"swiper-slide-image\" src=\"https:\/\/la-correspondance.fr\/wp-content\/uploads\/2024\/01\/1165433_La-Correspondance-1024x683.jpg\" alt=\"Samedi 02 d\u00e9cembre 2023.\u2028\u2028Lancement du Tiers Lieu La Petite Pause, sur le site de l&#039;ancien IUFM : \u00e9picerie solidaire Elefan, activit\u00e9s sportives et culturelles, bar... \u2028\u2028Sur la photo : D\u00e9mo Hip Hop collectif C nous\u2028\u2028Photo : Auriane POILLET \u00a9 Ville de Grenoble 2023\" \/><\/figure><\/div><div class=\"swiper-slide\" role=\"group\" aria-roledescription=\"slide\" aria-label=\"6 of 10\"><figure class=\"swiper-slide-inner\"><img decoding=\"async\" class=\"swiper-slide-image\" src=\"https:\/\/la-correspondance.fr\/wp-content\/uploads\/2024\/01\/1165456_La-Correspondance-1024x683.jpg\" alt=\"Samedi 02 d\u00e9cembre 2023.\u2028\u2028Lancement du Tiers Lieu La Petite Pause, sur le site de l&#039;ancien IUFM : \u00e9picerie solidaire Elefan, activit\u00e9s sportives et culturelles, bar... \u2028\u2028Sur la photo : D\u00e9mo Hip Hop collectif C nous\u2028\u2028Photo : Auriane POILLET \u00a9 Ville de Grenoble 2023\" \/><\/figure><\/div><div class=\"swiper-slide\" role=\"group\" aria-roledescription=\"slide\" aria-label=\"7 of 10\"><figure class=\"swiper-slide-inner\"><img decoding=\"async\" class=\"swiper-slide-image\" src=\"https:\/\/la-correspondance.fr\/wp-content\/uploads\/2024\/01\/1165444_La-Correspondance-1024x683.jpg\" alt=\"Samedi 02 d\u00e9cembre 2023.\u2028\u2028Lancement du Tiers Lieu La Petite Pause, sur le site de l&#039;ancien IUFM : \u00e9picerie solidaire Elefan, activit\u00e9s sportives et culturelles, bar... \u2028\u2028Sur la photo : D\u00e9mo Hip Hop collectif C nous\u2028\u2028Photo : Auriane POILLET \u00a9 Ville de Grenoble 2023\" \/><\/figure><\/div><div class=\"swiper-slide\" role=\"group\" aria-roledescription=\"slide\" aria-label=\"8 of 10\"><figure class=\"swiper-slide-inner\"><img decoding=\"async\" class=\"swiper-slide-image\" src=\"https:\/\/la-correspondance.fr\/wp-content\/uploads\/2024\/06\/Flaubert_Pluquet_113-1024x684.jpg\" alt=\"SAGES \/ Pluquet\" \/><\/figure><\/div><div class=\"swiper-slide\" role=\"group\" aria-roledescription=\"slide\" aria-label=\"9 of 10\"><figure class=\"swiper-slide-inner\"><img decoding=\"async\" class=\"swiper-slide-image\" src=\"https:\/\/la-correspondance.fr\/wp-content\/uploads\/2024\/06\/Flaubert_Pluquet_138-1024x684.jpg\" alt=\"SAGES \/ Pluquet\" \/><\/figure><\/div><div class=\"swiper-slide\" role=\"group\" aria-roledescription=\"slide\" aria-label=\"10 of 10\"><figure class=\"swiper-slide-inner\"><img decoding=\"async\" class=\"swiper-slide-image\" src=\"https:\/\/la-correspondance.fr\/wp-content\/uploads\/2024\/06\/Flaubert_Pluquet_110-1024x684.jpg\" alt=\"SAGES \/ Pluquet\" \/><\/figure><\/div>\t\t\t<\/div>\n\t\t\t\t\t\t\t\t\t\t\t\t<div class=\"elementor-swiper-button elementor-swiper-button-prev\" role=\"button\" tabindex=\"0\">\n\t\t\t\t\t\t<svg aria-hidden=\"true\" class=\"e-font-icon-svg e-eicon-chevron-left\" viewBox=\"0 0 1000 1000\" xmlns=\"http:\/\/www.w3.org\/2000\/svg\"><path d=\"M646 125C629 125 613 133 604 142L308 442C296 454 292 471 292 487 292 504 296 521 308 533L604 854C617 867 629 875 646 875 663 875 679 871 692 858 704 846 713 829 713 812 713 796 708 779 692 767L438 487 692 225C700 217 708 204 708 187 708 171 704 154 692 142 675 129 663 125 646 125Z\"><\/path><\/svg>\t\t\t\t\t<\/div>\n\t\t\t\t\t<div class=\"elementor-swiper-button elementor-swiper-button-next\" role=\"button\" tabindex=\"0\">\n\t\t\t\t\t\t<svg aria-hidden=\"true\" class=\"e-font-icon-svg e-eicon-chevron-right\" viewBox=\"0 0 1000 1000\" xmlns=\"http:\/\/www.w3.org\/2000\/svg\"><path d=\"M696 533C708 521 713 504 713 487 713 471 708 454 696 446L400 146C388 133 375 125 354 125 338 125 325 129 313 142 300 154 292 171 292 187 292 204 296 221 308 233L563 492 304 771C292 783 288 800 288 817 288 833 296 850 308 863 321 871 338 875 354 875 371 875 388 867 400 854L696 533Z\"><\/path><\/svg>\t\t\t\t\t<\/div>\n\t\t\t\t\n\t\t\t\t\t\t\t\t\t<\/div>\n\t\t\t\t\t\t<\/div>\n\t\t\t\t<\/div>\n\t\t\t\t\t<\/div>\n\t\t\t\t<\/div>\n\t\t<div class=\"elementor-element elementor-element-15de3e4 e-flex e-con-boxed wpr-particle-no wpr-jarallax-no wpr-parallax-no wpr-sticky-section-no e-con e-parent\" data-id=\"15de3e4\" data-element_type=\"container\">\n\t\t\t\t\t<div class=\"e-con-inner\">\n\t\t\t\t<div class=\"elementor-element elementor-element-97112ca elementor-widget elementor-widget-text-editor\" data-id=\"97112ca\" data-element_type=\"widget\" data-widget_type=\"text-editor.default\">\n\t\t\t\t<div class=\"elementor-widget-container\">\n\t\t\t\t\t\t\t\t\t<p><em>Auriane POILLET \u00a9 Ville de Grenoble 2023  &#8212; \u00a9 SAGES \/ Pluquet<\/em><\/p>\t\t\t\t\t\t\t\t<\/div>\n\t\t\t\t<\/div>\n\t\t\t\t\t<\/div>\n\t\t\t\t<\/div>\n\t\t<div class=\"elementor-element elementor-element-3c438fa e-flex e-con-boxed wpr-particle-no wpr-jarallax-no wpr-parallax-no wpr-sticky-section-no e-con e-parent\" data-id=\"3c438fa\" data-element_type=\"container\">\n\t\t\t\t\t<div class=\"e-con-inner\">\n\t\t\t\t<div class=\"elementor-element elementor-element-91bdc14 elementor-widget elementor-widget-text-editor\" data-id=\"91bdc14\" data-element_type=\"widget\" data-widget_type=\"text-editor.default\">\n\t\t\t\t<div class=\"elementor-widget-container\">\n\t\t\t\t\t\t\t\t\t<h6>Avec 25 r\u00e9sident.es, plusieurs espaces de pratique et un grand ext\u00e9rieur, la Correspondance est un lieu privil\u00e9gi\u00e9 pour accueillir des \u00e9v\u00e9nements. Organis\u00e9s par nos r\u00e9sident.es et notre \u00e9quipe, les \u00e9v\u00e9nements sont vari\u00e9s et pluridisciplinaires et attirent un public diversifi\u00e9.<\/h6>\t\t\t\t\t\t\t\t<\/div>\n\t\t\t\t<\/div>\n\t\t\t\t\t<\/div>\n\t\t\t\t<\/div>\n\t\t<div class=\"elementor-element elementor-element-508d1ba e-flex e-con-boxed wpr-particle-no wpr-jarallax-no wpr-parallax-no wpr-sticky-section-no e-con e-parent\" data-id=\"508d1ba\" data-element_type=\"container\">\n\t\t\t\t\t<div class=\"e-con-inner\">\n\t\t<div class=\"elementor-element elementor-element-09178fa e-con-full e-flex wpr-particle-no wpr-jarallax-no wpr-parallax-no wpr-sticky-section-no e-con e-child\" data-id=\"09178fa\" data-element_type=\"container\">\n\t\t\t\t<div class=\"elementor-element elementor-element-312d8a7 elementor-widget elementor-widget-text-editor\" data-id=\"312d8a7\" data-element_type=\"widget\" data-widget_type=\"text-editor.default\">\n\t\t\t\t<div class=\"elementor-widget-container\">\n\t\t\t\t\t\t\t\t\t<p>Qui, quoi, quand, o\u00f9 ? Vous voulez tout savoir sur ce qu&#8217;il se passe \u00e0 la Correspondance &#8211; d\u00e9couvrez le ici !&nbsp;<\/p>\t\t\t\t\t\t\t\t<\/div>\n\t\t\t\t<\/div>\n\t\t\t\t<\/div>\n\t\t<div class=\"elementor-element elementor-element-8fc5a5b e-con-full e-flex wpr-particle-no wpr-jarallax-no wpr-parallax-no wpr-sticky-section-no e-con e-child\" data-id=\"8fc5a5b\" data-element_type=\"container\">\n\t\t\t\t<div class=\"elementor-element elementor-element-06a0d25 elementor-widget elementor-widget-text-editor\" data-id=\"06a0d25\" data-element_type=\"widget\" data-widget_type=\"text-editor.default\">\n\t\t\t\t<div class=\"elementor-widget-container\">\n\t\t\t\t\t\t\t\t\t<p>Vous avez une id\u00e9e, un projet et vous avez besoin d&#8217;un lieu pour le concr\u00e9tiser ? Venez nous en parler ici : <\/p>\t\t\t\t\t\t\t\t<\/div>\n\t\t\t\t<\/div>\n\t\t\t\t<\/div>\n\t\t<div class=\"elementor-element elementor-element-e8e01c9 e-con-full e-flex wpr-particle-no wpr-jarallax-no wpr-parallax-no wpr-sticky-section-no e-con e-child\" data-id=\"e8e01c9\" data-element_type=\"container\">\n\t\t\t\t<div class=\"elementor-element elementor-element-cc20c5c elementor-align-center elementor-widget elementor-widget-button\" data-id=\"cc20c5c\" data-element_type=\"widget\" data-widget_type=\"button.default\">\n\t\t\t\t<div class=\"elementor-widget-container\">\n\t\t\t\t\t\t\t\t\t<div class=\"elementor-button-wrapper\">\n\t\t\t\t\t<a class=\"elementor-button elementor-button-link elementor-size-xs\" href=\"https:\/\/la-correspondance.fr\/index.php\/agenda\/\">\n\t\t\t\t\t\t<span class=\"elementor-button-content-wrapper\">\n\t\t\t\t\t\t\t\t\t<span class=\"elementor-button-text\">Agenda<\/span>\n\t\t\t\t\t<\/span>\n\t\t\t\t\t<\/a>\n\t\t\t\t<\/div>\n\t\t\t\t\t\t\t\t<\/div>\n\t\t\t\t<\/div>\n\t\t\t\t<\/div>\n\t\t<div class=\"elementor-element elementor-element-8705c37 e-con-full e-flex wpr-particle-no wpr-jarallax-no wpr-parallax-no wpr-sticky-section-no e-con e-child\" data-id=\"8705c37\" data-element_type=\"container\">\n\t\t\t\t<div class=\"elementor-element elementor-element-04b9ffd elementor-align-center elementor-widget elementor-widget-button\" data-id=\"04b9ffd\" data-element_type=\"widget\" data-widget_type=\"button.default\">\n\t\t\t\t<div class=\"elementor-widget-container\">\n\t\t\t\t\t\t\t\t\t<div class=\"elementor-button-wrapper\">\n\t\t\t\t\t<a class=\"elementor-button elementor-button-link elementor-size-xs\" href=\"https:\/\/docs.google.com\/forms\/d\/e\/1FAIpQLSeHtOLuFTDan1KnxKzdriQBeigya1Sxrz42OWhwEeLRppYaDQ\/viewform?usp=sf_link\">\n\t\t\t\t\t\t<span class=\"elementor-button-content-wrapper\">\n\t\t\t\t\t\t\t\t\t<span class=\"elementor-button-text\">Votre \u00e9v\u00e8nement<\/span>\n\t\t\t\t\t<\/span>\n\t\t\t\t\t<\/a>\n\t\t\t\t<\/div>\n\t\t\t\t\t\t\t\t<\/div>\n\t\t\t\t<\/div>\n\t\t\t\t<\/div>\n\t\t\t\t\t<\/div>\n\t\t\t\t<\/div>\n\t\t\t\t<\/div>\n\t\t","protected":false},"excerpt":{"rendered":"<p>la Correspondance Un&nbsp;tiers-lieu&nbsp;accueillant des associations et des compagnies culturelles dans le quartier Flaubert. Sa mission&nbsp;: animer le secteur sur la p\u00e9riode 2023\u200a\u2013\u200a2027 et pr\u00e9figurer les usages \u00e0 venir de l\u2019\u00e9coquartier. Le tiers-lieu occupe la partie sud de&nbsp;l\u2019ancien Insp\u00e9-IUFM. Auriane POILLET \u00a9 Ville de Grenoble 2023 &#8212; \u00a9 SAGES \/ Pluquet Avec 25 r\u00e9sident.es, plusieurs espaces de pratique et un grand ext\u00e9rieur, la Correspondance est un lieu privil\u00e9gi\u00e9 pour accueillir des \u00e9v\u00e9nements. Organis\u00e9s par nos r\u00e9sident.es et notre \u00e9quipe, les \u00e9v\u00e9nements sont vari\u00e9s et pluridisciplinaires et attirent un public diversifi\u00e9. Qui, quoi, quand, o\u00f9 ? Vous voulez tout savoir sur ce qu&#8217;il se passe \u00e0 la Correspondance &#8211; d\u00e9couvrez le ici !&nbsp; Vous avez une id\u00e9e, un projet et vous avez besoin d&#8217;un lieu pour le concr\u00e9tiser ? Venez nous en parler ici : Agenda Votre \u00e9v\u00e8nement<\/p>\n","protected":false},"author":1,"featured_media":0,"parent":0,"menu_order":0,"comment_status":"closed","ping_status":"closed","template":"","meta":{"_eb_attr":"","footnotes":""},"class_list":["post-7","page","type-page","status-publish","hentry"],"blocksy_meta":{"disable_featured_image":"no","styles_descriptor":{"styles":{"desktop":"","tablet":"","mobile":""},"google_fonts":[],"version":6},"has_hero_section":"disabled"},"_links":{"self":[{"href":"https:\/\/la-correspondance.fr\/index.php\/wp-json\/wp\/v2\/pages\/7","targetHints":{"allow":["GET"]}}],"collection":[{"href":"https:\/\/la-correspondance.fr\/index.php\/wp-json\/wp\/v2\/pages"}],"about":[{"href":"https:\/\/la-correspondance.fr\/index.php\/wp-json\/wp\/v2\/types\/page"}],"author":[{"embeddable":true,"href":"https:\/\/la-correspondance.fr\/index.php\/wp-json\/wp\/v2\/users\/1"}],"replies":[{"embeddable":true,"href":"https:\/\/la-correspondance.fr\/index.php\/wp-json\/wp\/v2\/comments?post=7"}],"version-history":[{"count":82,"href":"https:\/\/la-correspondance.fr\/index.php\/wp-json\/wp\/v2\/pages\/7\/revisions"}],"predecessor-version":[{"id":2441,"href":"https:\/\/la-correspondance.fr\/index.php\/wp-json\/wp\/v2\/pages\/7\/revisions\/2441"}],"wp:attachment":[{"href":"https:\/\/la-correspondance.fr\/index.php\/wp-json\/wp\/v2\/media?parent=7"}],"curies":[{"name":"wp","href":"https:\/\/api.w.org\/{rel}","templated":true}]}}